{"id":815,"date":"2018-02-06T21:39:18","date_gmt":"2018-02-07T02:39:18","guid":{"rendered":"http:\/\/juriscoop.tk\/?page_id=815"},"modified":"2021-05-19T10:56:11","modified_gmt":"2021-05-19T15:56:11","slug":"nuestra-cooperativa","status":"publish","type":"page","link":"https:\/\/beta.dipzo.net\/juriscooptest\/nuestra-cooperativa\/","title":{"rendered":"Nuestra Cooperativa"},"content":{"rendered":"<p>[vc_row css_animation=\u00bb\u00bb row_type=\u00bbrow\u00bb use_row_as_full_screen_section=\u00bbno\u00bb type=\u00bbfull_width\u00bb angled_section=\u00bbno\u00bb text_align=\u00bbleft\u00bb background_image_as_pattern=\u00bbwithout_pattern\u00bb][vc_column][vc_single_image image=\u00bb1070&#8243; img_size=\u00bblarge\u00bb alignment=\u00bbcenter\u00bb qode_css_animation=\u00bb\u00bb][vc_accordion style=\u00bbaccordion\u00bb][vc_accordion_tab title=\u00bbQui\u00e9nes somos\u00bb title_tag=\u00bbh5&#8243;][vc_column_text]El 29 de septiembre de 1979, un grupo de profesionales de la rama judicial con alto esp\u00edritu y sentido por el trabajo en equipo, tom\u00f3 la decisi\u00f3n de crear una cooperativa multiactiva de aporte y cr\u00e9dito, a la que llamaron Coojurisdiccional, con el prop\u00f3sito de ofrecer a los empleados y sus familias bienestar, seguridad y progreso.<\/p>\n<p>Coojurisdiccional inicialmente prest\u00f3 servicios de recreaci\u00f3n sin unidad de empresa, pero a partir de 1996 comenz\u00f3 con unidad de prop\u00f3sito y direcci\u00f3n y en 1998 cambi\u00f3 su raz\u00f3n social por el nombre de Juriscoop. En 2003 inici\u00f3 con la captaci\u00f3n de ahorros y ya al a\u00f1o siguiente se estructur\u00f3 como Grupo Empresarial.<\/p>\n<p>A partir de 2006 inici\u00f3 el proceso de escisi\u00f3n de la secci\u00f3n de ahorro y cr\u00e9dito y en 2008 se le otorg\u00f3 la licencia de funcionamiento como cooperativa financiera.<\/p>\n<p>Hoy, 38 a\u00f1os despu\u00e9s, esta Cooperativa es un Grupo Empresarial llamado Juriscoop y est\u00e1 conformado por cuatro empresas: Cooperativa Juriscoop como matriz; Financiera Juriscoop Compa\u00f1\u00eda de Financiamiento, Fundaci\u00f3n Progreso Solidario y Services &amp; Consulting. El Grupo Empresarial Juriscoop, a trav\u00e9s de sus diversas filiales est\u00e1 presente en varias zonas del pa\u00eds que cubren la mayor\u00eda del territorio nacional.<\/p>\n<p>Dentro de su filosof\u00eda enfocada hacia la cultura del servicio se propone, estrat\u00e9gicamente, fortalecerse y estar dentro de los tres primeros grupos del sector cooperativo. Su derrotero recoge la voluntad de la base social, sus intereses y deseos como en las grandes familias, porque eso es el Grupo Empresarial Juriscoop, una gran familia, donde todos participan democr\u00e1ticamente para la toma de decisiones.<\/p>\n<p>Es as\u00ed como los asociados y sus familias tienen hoy un Grupo Empresarial comprometido con el pa\u00eds, con los sue\u00f1os y el bienestar de cada uno. Un Grupo que quiere crecer y estar presente en la vida de todos, un Grupo que quiere servir a los prop\u00f3sitos de cada individuo y ser parte de esta gran familia.[\/vc_column_text][\/vc_accordion_tab][vc_accordion_tab title=\u00bb\u00bfC\u00f3mo funciona?\u00bb title_tag=\u00bbh5&#8243;][vc_column_text]En el Art\u00edculo 87 del Estatuto de Juriscoop, los \u00d3rganos de Administraci\u00f3n de la Cooperativa estar\u00e1 a cargo de:<\/p>\n<p>&#8211; La Asamblea General de Asociados o de Delegados.<\/p>\n<p>&#8211; El Consejo de Administraci\u00f3n.<\/p>\n<p>&#8211; Los Representantes Legales.<\/p>\n<p>La Asamblea General y el Consejo de Administraci\u00f3n podr\u00e1n crear los Comit\u00e9s que consideren necesarios de acuerdo con el Estatuto y la legislaci\u00f3n cooperativa, determinando su constituci\u00f3n e integraci\u00f3n.<\/p>\n<p>As\u00ed mismo, el Art\u00edculo 88 hace expl\u00edcito que la Asamblea General es el \u00f3rgano m\u00e1ximo de administraci\u00f3n de la Cooperativa y sus decisiones son obligatorias para todos los asociados, siempre que se hayan adoptado de conformidad con las normas legales, reglamentarias o estatutarias. La Asamblea General la constituye la reuni\u00f3n de los asociados h\u00e1biles o de los delegados h\u00e1biles elegidos por los asociados y podr\u00e1 celebrarse en el domicilio principal de la Cooperativa o en cualquier ciudad del pa\u00eds.[\/vc_column_text][\/vc_accordion_tab][vc_accordion_tab title=\u00bbMisi\u00f3n y Visi\u00f3n\u00bb title_tag=\u00bbh5&#8243;][vc_column_text]<strong>MISI\u00d3N<\/strong><\/p>\n<p>Somos la familia que apoya la gente.<\/p>\n<p><strong>VISI\u00d3N<\/strong><\/p>\n<p>En el 2022 seremos reconocidos como la cooperativa amigable que hace parte de tu vida.[\/vc_column_text][\/vc_accordion_tab][vc_accordion_tab title=\u00bbDoctrina\u00bb title_tag=\u00bbh5&#8243;][vc_column_text]Es la inspiraci\u00f3n y norma de actuaci\u00f3n de todos los asociados y de la misma Cooperativa en sus actos internos, rec\u00edprocos entre los asociados y la empresa solidaria y enmarca todas las relaciones de Juriscoop con los clientes teniendo como fundamento los siguientes principios y valores:<\/p>\n<p><strong>Solidaridad<\/strong><\/p>\n<p>-De los asociados: Aplicaci\u00f3n de la solidaridad de doble v\u00eda, como concepto mutual, no asistencialista, todos contribuyen, todos se benefician.<\/p>\n<p>-De los l\u00edderes y directivos: a trav\u00e9s de la gesti\u00f3n que desempe\u00f1an en beneficio de los asociados y para la cooperativa.<\/p>\n<p>-De la cooperativa: por medio de los excedentes.<\/p>\n<p>&nbsp;<\/p>\n<p><strong>Participaci\u00f3n<\/strong><\/p>\n<p>-En la propiedad: los asociados participan en la propiedad patrimonial mediante los aportes sociales que los convierte en due\u00f1os.<\/p>\n<p>-En la gesti\u00f3n: a trav\u00e9s de la toma de decisiones estrat\u00e9gicas.<\/p>\n<p>-En los beneficios: para los asociados con el retorno de excedentes y para los empleados obteniendo un adecuado ambiente de trabajo.<\/p>\n<p>&nbsp;<\/p>\n<p><strong>Responsabilidad<\/strong><\/p>\n<p>-De los asociados y clientes: a trav\u00e9s del cumplimiento de sus obligaciones y deberes y del ejercicio de sus derechos.<\/p>\n<p>-De los administradores y empleados: a trav\u00e9s de una gesti\u00f3n honesta, transparente, confiable, seria, comprometida, de respeto a los asociados y a los clientes, quienes son nuestra raz\u00f3n de ser.<\/p>\n<p>&nbsp;<\/p>\n<p><strong>Compromiso<\/strong><\/p>\n<p>-Con la comunidad: contribuyendo al desarrollo del pa\u00eds.<\/p>\n<p>-Con los asociados: a trav\u00e9s de valor agregado social.<\/p>\n<p>-Con los trabajadores: mejorando su calidad de vida.<\/p>\n<p>&nbsp;<\/p>\n<p><strong>Trascendencia<\/strong><\/p>\n<p>-Juriscoop no busca el \u00e1nimo de lucro individual, pero propende por generar el m\u00e1ximo de riqueza para obtener bienestar colectivo.<\/p>\n<p>-Unidad de Prop\u00f3sito<\/p>\n<p>-Juriscoop incorpora la filosof\u00eda de actuaci\u00f3n conjunta y actuaci\u00f3n como grupo dentro de su oferta de valor, lo que indica que todas sus unidades de negocio deben crear sinergia para alcanzar los objetivos institucionales.[\/vc_column_text][\/vc_accordion_tab][vc_accordion_tab title=\u00bbOrganigrama\u00bb title_tag=\u00bbh5&#8243;][vc_single_image image=\u00bb1979&#8243; img_size=\u00bbfull\u00bb alignment=\u00bbcenter\u00bb onclick=\u00bblink_image\u00bb qode_css_animation=\u00bb\u00bb][\/vc_accordion_tab][vc_accordion_tab title=\u00bbProyecci\u00f3n\u00bb title_tag=\u00bbh5&#8243;][vc_column_text]El Consejo de Administraci\u00f3n aprob\u00f3 el Plan Estrat\u00e9gico 2017 -2022, el cual se enmarca en un per\u00edodo de 5 a\u00f1os y tendr\u00e1 como punto de partida la aplicaci\u00f3n de los valores corporativos (Facilidad, Calidad y Amabilidad) con el fin de lograr la satisfacci\u00f3n de los asociados; esto unido a las estrategias comercial, de comunicaciones, de fortalecimiento del talento humano y la infraestructura tecnol\u00f3gica, busca llevar a Juriscoop a ser reconocida como la cooperativa amigable que apoya a la gente, bajo una\u00a0 filosof\u00eda en la que todos los integrantes de la cooperativa (directivos, asociados y colaboradores) hacen parte de la familia Juriscoop.[\/vc_column_text][\/vc_accordion_tab][vc_accordion_tab title=\u00bbConsejo de Administraci\u00f3n\u00bb title_tag=\u00bbh5&#8243;]<div role=\"form\" class=\"wpcf7\" id=\"wpcf7-f832-o1\" lang=\"es-ES\" dir=\"ltr\">\n<div class=\"screen-reader-response\"><p role=\"status\" aria-live=\"polite\" aria-atomic=\"true\"><\/p> <ul><\/ul><\/div>\n<form action=\"\/juriscooptest\/wp-json\/wp\/v2\/pages\/815#wpcf7-f832-o1\" method=\"post\" class=\"wpcf7-form init default\" novalidate=\"novalidate\" data-status=\"init\">\n<div style=\"display: none;\">\n<input type=\"hidden\" name=\"_wpcf7\" value=\"832\" \/>\n<input type=\"hidden\" name=\"_wpcf7_version\" value=\"5.4.1\" \/>\n<input type=\"hidden\" name=\"_wpcf7_locale\" value=\"es_ES\" \/>\n<input type=\"hidden\" name=\"_wpcf7_unit_tag\" value=\"wpcf7-f832-o1\" \/>\n<input type=\"hidden\" name=\"_wpcf7_container_post\" value=\"0\" \/>\n<input type=\"hidden\" name=\"_wpcf7_posted_data_hash\" value=\"\" \/>\n<input type=\"hidden\" name=\"_wpcf7_recaptcha_response\" value=\"\" \/>\n<\/div>\n<p><label> Nombre (requerido)<br \/>\n    <span class=\"wpcf7-form-control-wrap your-name\"><input type=\"text\" name=\"your-name\" value=\"\" size=\"40\" class=\"wpcf7-form-control wpcf7-text wpcf7-validates-as-required\" aria-required=\"true\" aria-invalid=\"false\" \/><\/span> <\/label><\/p>\n<p><label> Contrase\u00f1a (requerido)<br \/>\n    <span class=\"wpcf7-form-control-wrap your-email\"><input type=\"email\" name=\"your-email\" value=\"\" size=\"40\" class=\"wpcf7-form-control wpcf7-text wpcf7-email wpcf7-validates-as-required wpcf7-validates-as-email\" aria-required=\"true\" aria-invalid=\"false\" \/><\/span> <\/label><\/p>\n<p><input type=\"submit\" value=\"Enviar\" class=\"wpcf7-form-control wpcf7-submit\" \/><\/p>\n<input type='hidden' class='wpcf7-pum' value='{\"closepopup\":false,\"closedelay\":0,\"openpopup\":false,\"openpopup_id\":0}' \/><div class=\"wpcf7-response-output\" aria-hidden=\"true\"><\/div><\/form><\/div>[\/vc_accordion_tab][vc_accordion_tab title=\u00bbInforme de gesti\u00f3n\u00bb title_tag=\u00bbh5&#8243;]<div class=\"qode-accordion-holder clearfix qode-accordion qode-initial \">\n\t<h4 class=\"clearfix qode-title-holder\">\n<span class=\"qode-tab-title\">\n\t    <span class=\"qode-tab-title-inner\">\n        Informe de Gesti\u00f3n - 2020    <\/span>\n<\/span>\n<span class=\"qode-accordion-mark\">\n    <span class=\"qode-accordion-mark-icon\">\n        <span class=\"icon_plus\"><\/span>\n        <span class=\"icon_minus-06\"><\/span>\n    <\/span>\n<\/span>\n<\/h4>\n<div class=\"qode-accordion-content \" >\n    <div class=\"qode-accordion-content-inner\">\n        [vc_column_text]<a href=\"https:\/\/beta.dipzo.net\/juriscooptest\/wp-content\/uploads\/2021\/04\/INFORME-DE-GESTIO\u0301N-JURISCOOP-2020.pdf\" target=\"_blank\" rel=\"noopener noreferrer\">Click aqu\u00ed<\/a>[\/vc_column_text]    <\/div>\n<\/div><\/div>[\/vc_accordion_tab][vc_accordion_tab title=\u00bbNormatividad\u00bb title_tag=\u00bbh5&#8243;]<div class=\"qode-accordion-holder clearfix qode-accordion qode-initial \">\n\t<h4 class=\"clearfix qode-title-holder\">\n<span class=\"qode-tab-title\">\n\t    <span class=\"qode-tab-title-inner\">\n        ALCANCE CONVOCATORIA ASAMBLEA GENERAL ORDINARIA    <\/span>\n<\/span>\n<span class=\"qode-accordion-mark\">\n    <span class=\"qode-accordion-mark-icon\">\n        <span class=\"icon_plus\"><\/span>\n        <span class=\"icon_minus-06\"><\/span>\n    <\/span>\n<\/span>\n<\/h4>\n<div class=\"qode-accordion-content \" >\n    <div class=\"qode-accordion-content-inner\">\n        [vc_column_text]<a href=\"https:\/\/beta.dipzo.net\/juriscooptest\/wp-content\/uploads\/2021\/01\/20-00280.pdf\" class=\"pdfemb-viewer\" style=\"\" data-width=\"max\" data-height=\"max\"  data-toolbar=\"bottom\" data-toolbar-fixed=\"off\">20-00275 Convocatoria Asamblea General Ordinari de Delegados<br\/><\/a>[\/vc_column_text]    <\/div>\n<\/div><h4 class=\"clearfix qode-title-holder\">\n<span class=\"qode-tab-title\">\n\t    <span class=\"qode-tab-title-inner\">\n        ESTATUTO VIGENTE 2018    <\/span>\n<\/span>\n<span class=\"qode-accordion-mark\">\n    <span class=\"qode-accordion-mark-icon\">\n        <span class=\"icon_plus\"><\/span>\n        <span class=\"icon_minus-06\"><\/span>\n    <\/span>\n<\/span>\n<\/h4>\n<div class=\"qode-accordion-content \" >\n    <div class=\"qode-accordion-content-inner\">\n        [vc_column_text]<a href=\"https:\/\/beta.dipzo.net\/juriscooptest\/wp-content\/uploads\/2018\/08\/ESTATUTO-VIG-2018.pdf\" class=\"pdfemb-viewer\" style=\"\" data-width=\"max\" data-height=\"max\"  data-toolbar=\"bottom\" data-toolbar-fixed=\"off\">ESTATUTO VIG 2018<br\/><\/a>[\/vc_column_text]    <\/div>\n<\/div><h4 class=\"clearfix qode-title-holder\">\n<span class=\"qode-tab-title\">\n\t    <span class=\"qode-tab-title-inner\">\n        REGLAMENTO RIESGOS GLOBALES 2017    <\/span>\n<\/span>\n<span class=\"qode-accordion-mark\">\n    <span class=\"qode-accordion-mark-icon\">\n        <span class=\"icon_plus\"><\/span>\n        <span class=\"icon_minus-06\"><\/span>\n    <\/span>\n<\/span>\n<\/h4>\n<div class=\"qode-accordion-content \" >\n    <div class=\"qode-accordion-content-inner\">\n        [vc_column_text]<a href=\"https:\/\/beta.dipzo.net\/juriscooptest\/wp-content\/uploads\/2018\/04\/17-00237-REGLAMENTO-RIESGOS-GLOBALES-2017-DEROG-10-00177.pdf\" class=\"pdfemb-viewer\" style=\"\" data-width=\"max\" data-height=\"max\"  data-toolbar=\"bottom\" data-toolbar-fixed=\"off\">17-00237 REGLAMENTO RIESGOS GLOBALES 2017- DEROG 10-00177<br\/><\/a>[\/vc_column_text]    <\/div>\n<\/div><h4 class=\"clearfix qode-title-holder\">\n<span class=\"qode-tab-title\">\n\t    <span class=\"qode-tab-title-inner\">\n        Asamblea General Delegados XLIII    <\/span>\n<\/span>\n<span class=\"qode-accordion-mark\">\n    <span class=\"qode-accordion-mark-icon\">\n        <span class=\"icon_plus\"><\/span>\n        <span class=\"icon_minus-06\"><\/span>\n    <\/span>\n<\/span>\n<\/h4>\n<div class=\"qode-accordion-content \" >\n    <div class=\"qode-accordion-content-inner\">\n        [vc_column_text]<a href=\"https:\/\/beta.dipzo.net\/juriscooptest\/wp-content\/uploads\/2020\/06\/20-00275-Convocatoria-Asamblea-General-Ordinari-de-Delegados.pdf\" class=\"pdfemb-viewer\" style=\"\" data-width=\"max\" data-height=\"max\"  data-toolbar=\"bottom\" data-toolbar-fixed=\"off\">Asamblea General<br\/><\/a>[\/vc_column_text]    <\/div>\n<\/div><h4 class=\"clearfix qode-title-holder\">\n<span class=\"qode-tab-title\">\n\t    <span class=\"qode-tab-title-inner\">\n        Plenaria de Asociados    <\/span>\n<\/span>\n<span class=\"qode-accordion-mark\">\n    <span class=\"qode-accordion-mark-icon\">\n        <span class=\"icon_plus\"><\/span>\n        <span class=\"icon_minus-06\"><\/span>\n    <\/span>\n<\/span>\n<\/h4>\n<div class=\"qode-accordion-content \" >\n    <div class=\"qode-accordion-content-inner\">\n        [vc_column_text]<a href=\"https:\/\/beta.dipzo.net\/juriscooptest\/wp-content\/uploads\/2021\/01\/20-00277.pdf\" class=\"pdfemb-viewer\" style=\"\" data-width=\"max\" data-height=\"max\"  data-toolbar=\"bottom\" data-toolbar-fixed=\"off\">Plenaria Asociados<br\/><\/a>[\/vc_column_text]    <\/div>\n<\/div><h4 class=\"clearfix qode-title-holder\">\n<span class=\"qode-tab-title\">\n\t    <span class=\"qode-tab-title-inner\">\n        Plenaria Asociados Seccional Bogot\u00e1 - Cundinamarca    <\/span>\n<\/span>\n<span class=\"qode-accordion-mark\">\n    <span class=\"qode-accordion-mark-icon\">\n        <span class=\"icon_plus\"><\/span>\n        <span class=\"icon_minus-06\"><\/span>\n    <\/span>\n<\/span>\n<\/h4>\n<div class=\"qode-accordion-content \" >\n    <div class=\"qode-accordion-content-inner\">\n        [vc_column_text]<a href=\"https:\/\/beta.dipzo.net\/juriscooptest\/wp-content\/uploads\/2021\/02\/20-00279-FIRMADO.pdf\" class=\"pdfemb-viewer\" style=\"\" data-width=\"max\" data-height=\"max\"  data-toolbar=\"bottom\" data-toolbar-fixed=\"off\">19-00271 Plenaria Delegados DEROGA 18-00253<br\/><\/a>[\/vc_column_text]    <\/div>\n<\/div><h4 class=\"clearfix qode-title-holder\">\n<span class=\"qode-tab-title\">\n\t    <span class=\"qode-tab-title-inner\">\n        Plenaria de Delegados    <\/span>\n<\/span>\n<span class=\"qode-accordion-mark\">\n    <span class=\"qode-accordion-mark-icon\">\n        <span class=\"icon_plus\"><\/span>\n        <span class=\"icon_minus-06\"><\/span>\n    <\/span>\n<\/span>\n<\/h4>\n<div class=\"qode-accordion-content \" >\n    <div class=\"qode-accordion-content-inner\">\n        [vc_column_text]<a href=\"https:\/\/beta.dipzo.net\/juriscooptest\/wp-content\/uploads\/2021\/01\/20-00278.pdf\" class=\"pdfemb-viewer\" style=\"\" data-width=\"max\" data-height=\"max\"  data-toolbar=\"bottom\" data-toolbar-fixed=\"off\">19-00271 Plenaria Delegados DEROGA 18-00253<br\/><\/a>[\/vc_column_text]    <\/div>\n<\/div><h4 class=\"clearfix qode-title-holder\">\n<span class=\"qode-tab-title\">\n\t    <span class=\"qode-tab-title-inner\">\n        Fondo de Solidaridad    <\/span>\n<\/span>\n<span class=\"qode-accordion-mark\">\n    <span class=\"qode-accordion-mark-icon\">\n        <span class=\"icon_plus\"><\/span>\n        <span class=\"icon_minus-06\"><\/span>\n    <\/span>\n<\/span>\n<\/h4>\n<div class=\"qode-accordion-content \" >\n    <div class=\"qode-accordion-content-inner\">\n        [vc_column_text]<a href=\"https:\/\/beta.dipzo.net\/juriscooptest\/wp-content\/uploads\/2018\/08\/11-00-Fondo-de-Solidaridad.pdf\" class=\"pdfemb-viewer\" style=\"\" data-width=\"max\" data-height=\"max\"  data-toolbar=\"bottom\" data-toolbar-fixed=\"off\">Fondo de Solidaridad<br\/><\/a>[\/vc_column_text]    <\/div>\n<\/div><h4 class=\"clearfix qode-title-holder\">\n<span class=\"qode-tab-title\">\n\t    <span class=\"qode-tab-title-inner\">\n        Fondo de Educaci\u00f3n    <\/span>\n<\/span>\n<span class=\"qode-accordion-mark\">\n    <span class=\"qode-accordion-mark-icon\">\n        <span class=\"icon_plus\"><\/span>\n        <span class=\"icon_minus-06\"><\/span>\n    <\/span>\n<\/span>\n<\/h4>\n<div class=\"qode-accordion-content \" >\n    <div class=\"qode-accordion-content-inner\">\n        [vc_column_text]<a href=\"https:\/\/beta.dipzo.net\/juriscooptest\/wp-content\/uploads\/2018\/08\/11-00-Fondo-de-Educaci\u00f3n.pdf\" class=\"pdfemb-viewer\" style=\"\" data-width=\"max\" data-height=\"max\"  data-toolbar=\"bottom\" data-toolbar-fixed=\"off\">Fondo de Educaci\u00f3n<br\/><\/a>[\/vc_column_text]    <\/div>\n<\/div><h4 class=\"clearfix qode-title-holder\">\n<span class=\"qode-tab-title\">\n\t    <span class=\"qode-tab-title-inner\">\n        D\u00eda del Asociado    <\/span>\n<\/span>\n<span class=\"qode-accordion-mark\">\n    <span class=\"qode-accordion-mark-icon\">\n        <span class=\"icon_plus\"><\/span>\n        <span class=\"icon_minus-06\"><\/span>\n    <\/span>\n<\/span>\n<\/h4>\n<div class=\"qode-accordion-content \" >\n    <div class=\"qode-accordion-content-inner\">\n        [vc_column_text]<a href=\"https:\/\/beta.dipzo.net\/juriscooptest\/wp-content\/uploads\/2018\/04\/01-00067-DIA-DEL-ASOCIADO.pdf\" class=\"pdfemb-viewer\" style=\"\" data-width=\"max\" data-height=\"max\"  data-toolbar=\"bottom\" data-toolbar-fixed=\"off\">01-00067 DIA DEL ASOCIADO<br\/><\/a>[\/vc_column_text]    <\/div>\n<\/div><h4 class=\"clearfix qode-title-holder\">\n<span class=\"qode-tab-title\">\n\t    <span class=\"qode-tab-title-inner\">\n        Vinculaci\u00f3n Asociados    <\/span>\n<\/span>\n<span class=\"qode-accordion-mark\">\n    <span class=\"qode-accordion-mark-icon\">\n        <span class=\"icon_plus\"><\/span>\n        <span class=\"icon_minus-06\"><\/span>\n    <\/span>\n<\/span>\n<\/h4>\n<div class=\"qode-accordion-content \" >\n    <div class=\"qode-accordion-content-inner\">\n        [vc_column_text]<a href=\"https:\/\/beta.dipzo.net\/juriscooptest\/wp-content\/uploads\/2021\/03\/COOPERATIVA-DEL-SISTEMA-NACIONAL-DE-JUSTICIA-JURISCOOP-Vinculacion-como-asociados.pdf\" class=\"pdfemb-viewer\" style=\"\" data-width=\"max\" data-height=\"max\"  data-toolbar=\"bottom\" data-toolbar-fixed=\"off\">18-00243 Vinculaci\u00f3n Asociados DEROG. 16-00230<br\/><\/a>[\/vc_column_text]    <\/div>\n<\/div><h4 class=\"clearfix qode-title-holder\">\n<span class=\"qode-tab-title\">\n\t    <span class=\"qode-tab-title-inner\">\n        Encuentro de Culturas    <\/span>\n<\/span>\n<span class=\"qode-accordion-mark\">\n    <span class=\"qode-accordion-mark-icon\">\n        <span class=\"icon_plus\"><\/span>\n        <span class=\"icon_minus-06\"><\/span>\n    <\/span>\n<\/span>\n<\/h4>\n<div class=\"qode-accordion-content \" >\n    <div class=\"qode-accordion-content-inner\">\n        [vc_column_text]<a href=\"https:\/\/beta.dipzo.net\/juriscooptest\/wp-content\/uploads\/2018\/09\/18-00251-ENCUENTRO-DE-CULTURAS-DEROGA-17-00237-1.pdf\" class=\"pdfemb-viewer\" style=\"\" data-width=\"max\" data-height=\"max\"  data-toolbar=\"bottom\" data-toolbar-fixed=\"off\">18-00251 ENCUENTRO DE CULTURAS-DEROGA 17-00237-1<br\/><\/a>[\/vc_column_text]    <\/div>\n<\/div><h4 class=\"clearfix qode-title-holder\">\n<span class=\"qode-tab-title\">\n\t    <span class=\"qode-tab-title-inner\">\n        Fondo especial de auxilios de vivienda    <\/span>\n<\/span>\n<span class=\"qode-accordion-mark\">\n    <span class=\"qode-accordion-mark-icon\">\n        <span class=\"icon_plus\"><\/span>\n        <span class=\"icon_minus-06\"><\/span>\n    <\/span>\n<\/span>\n<\/h4>\n<div class=\"qode-accordion-content \" >\n    <div class=\"qode-accordion-content-inner\">\n        [vc_column_text]<a href=\"https:\/\/beta.dipzo.net\/juriscooptest\/wp-content\/uploads\/2018\/08\/11-00181-Fondo-especial-de-auxilios-de-vivienda.pdf\" class=\"pdfemb-viewer\" style=\"\" data-width=\"max\" data-height=\"max\"  data-toolbar=\"bottom\" data-toolbar-fixed=\"off\">Fondo especial de auxilios de vivienda<br\/><\/a>[\/vc_column_text]    <\/div>\n<\/div><h4 class=\"clearfix qode-title-holder\">\n<span class=\"qode-tab-title\">\n\t    <span class=\"qode-tab-title-inner\">\n        Manual de ingreso y Registro oficina virtual    <\/span>\n<\/span>\n<span class=\"qode-accordion-mark\">\n    <span class=\"qode-accordion-mark-icon\">\n        <span class=\"icon_plus\"><\/span>\n        <span class=\"icon_minus-06\"><\/span>\n    <\/span>\n<\/span>\n<\/h4>\n<div class=\"qode-accordion-content \" >\n    <div class=\"qode-accordion-content-inner\">\n        [vc_column_text]<a href=\"https:\/\/beta.dipzo.net\/juriscooptest\/wp-content\/uploads\/2018\/04\/ingreso-y-registro-oficina-virtual.pdf\" class=\"pdfemb-viewer\" style=\"\" data-width=\"max\" data-height=\"max\"  data-toolbar=\"bottom\" data-toolbar-fixed=\"off\">ingreso y registro oficina virtual<br\/><\/a>[\/vc_column_text]    <\/div>\n<\/div><h4 class=\"clearfix qode-title-holder\">\n<span class=\"qode-tab-title\">\n\t    <span class=\"qode-tab-title-inner\">\n        Manual de descarga tributaria    <\/span>\n<\/span>\n<span class=\"qode-accordion-mark\">\n    <span class=\"qode-accordion-mark-icon\">\n        <span class=\"icon_plus\"><\/span>\n        <span class=\"icon_minus-06\"><\/span>\n    <\/span>\n<\/span>\n<\/h4>\n<div class=\"qode-accordion-content \" >\n    <div class=\"qode-accordion-content-inner\">\n        [vc_column_text]<a href=\"https:\/\/beta.dipzo.net\/juriscooptest\/wp-content\/uploads\/2019\/04\/MANUAL-DESCARGA-TRIBUTARIA-2019.pdf\" class=\"pdfemb-viewer\" style=\"\" data-width=\"max\" data-height=\"max\"  data-toolbar=\"bottom\" data-toolbar-fixed=\"off\">MANUAL DESCARGA TRIBUTARIA 2019<br\/><\/a>[\/vc_column_text]    <\/div>\n<\/div><h4 class=\"clearfix qode-title-holder\">\n<span class=\"qode-tab-title\">\n\t    <span class=\"qode-tab-title-inner\">\n        Fondo Cr\u00e9ditos para Educaci\u00f3n    <\/span>\n<\/span>\n<span class=\"qode-accordion-mark\">\n    <span class=\"qode-accordion-mark-icon\">\n        <span class=\"icon_plus\"><\/span>\n        <span class=\"icon_minus-06\"><\/span>\n    <\/span>\n<\/span>\n<\/h4>\n<div class=\"qode-accordion-content \" >\n    <div class=\"qode-accordion-content-inner\">\n        [vc_column_text]<a href=\"https:\/\/beta.dipzo.net\/juriscooptest\/wp-content\/uploads\/2019\/12\/19-00266-FONDO-DE-CR\u00c9DITOS-PARA-EDUC.-DEROGA-19-00263.pdf\" class=\"pdfemb-viewer\" style=\"\" data-width=\"max\" data-height=\"max\"  data-toolbar=\"bottom\" data-toolbar-fixed=\"off\">19-00266 FONDO DE CR\u00c9DITOS PARA EDUC. DEROGA 19-00263<br\/><\/a>[\/vc_column_text]    <\/div>\n<\/div><h4 class=\"clearfix qode-title-holder\">\n<span class=\"qode-tab-title\">\n\t    <span class=\"qode-tab-title-inner\">\n        Fondo Especial de Cr\u00e9ditos para Vivienda    <\/span>\n<\/span>\n<span class=\"qode-accordion-mark\">\n    <span class=\"qode-accordion-mark-icon\">\n        <span class=\"icon_plus\"><\/span>\n        <span class=\"icon_minus-06\"><\/span>\n    <\/span>\n<\/span>\n<\/h4>\n<div class=\"qode-accordion-content \" >\n    <div class=\"qode-accordion-content-inner\">\n        [vc_column_text]<a href=\"https:\/\/beta.dipzo.net\/juriscooptest\/wp-content\/uploads\/2019\/05\/18-00246-Fondo-Especial-de-Cr\u00e9ditos-para-Vivienda.-DER.-11-00182.pdf\" class=\"pdfemb-viewer\" style=\"\" data-width=\"max\" data-height=\"max\"  data-toolbar=\"bottom\" data-toolbar-fixed=\"off\">18-00246 Fondo Especial de Cr\u00e9ditos para Vivienda<br\/><\/a>[\/vc_column_text]    <\/div>\n<\/div><h4 class=\"clearfix qode-title-holder\">\n<span class=\"qode-tab-title\">\n\t    <span class=\"qode-tab-title-inner\">\n        Fondo de Previsi\u00f3n, Asistencia y Solidaridad    <\/span>\n<\/span>\n<span class=\"qode-accordion-mark\">\n    <span class=\"qode-accordion-mark-icon\">\n        <span class=\"icon_plus\"><\/span>\n        <span class=\"icon_minus-06\"><\/span>\n    <\/span>\n<\/span>\n<\/h4>\n<div class=\"qode-accordion-content \" >\n    <div class=\"qode-accordion-content-inner\">\n        [vc_column_text]<a href=\"https:\/\/beta.dipzo.net\/juriscooptest\/wp-content\/uploads\/2019\/12\/19-00265-Fondo-Mutual-DERG.-19-00261.pdf\" class=\"pdfemb-viewer\" style=\"\" data-width=\"max\" data-height=\"max\"  data-toolbar=\"bottom\" data-toolbar-fixed=\"off\">19-00265 Fondo Mutual DERG. 19-00261<br\/><\/a>[\/vc_column_text]    <\/div>\n<\/div><h4 class=\"clearfix qode-title-holder\">\n<span class=\"qode-tab-title\">\n\t    <span class=\"qode-tab-title-inner\">\n        Acuerdo Reglamento de cr\u00e9dito    <\/span>\n<\/span>\n<span class=\"qode-accordion-mark\">\n    <span class=\"qode-accordion-mark-icon\">\n        <span class=\"icon_plus\"><\/span>\n        <span class=\"icon_minus-06\"><\/span>\n    <\/span>\n<\/span>\n<\/h4>\n<div class=\"qode-accordion-content \" >\n    <div class=\"qode-accordion-content-inner\">\n        [vc_column_text]<a href=\"https:\/\/beta.dipzo.net\/juriscooptest\/wp-content\/uploads\/2021\/04\/COOPERATIVA-DEL-SISTEMA-NACIONAL-DE-JUSTICIA.pdf\" class=\"pdfemb-viewer\" style=\"\" data-width=\"max\" data-height=\"max\"  data-toolbar=\"bottom\" data-toolbar-fixed=\"off\">ACUERDO 19-00262 Reglamento de cr\u00e9dito con modificaciones<br\/><\/a>[\/vc_column_text]    <\/div>\n<\/div><h4 class=\"clearfix qode-title-holder\">\n<span class=\"qode-tab-title\">\n\t    <span class=\"qode-tab-title-inner\">\n        FONDO DE FOMENTO AL CR\u00c9DITO PRODUCTIVO    <\/span>\n<\/span>\n<span class=\"qode-accordion-mark\">\n    <span class=\"qode-accordion-mark-icon\">\n        <span class=\"icon_plus\"><\/span>\n        <span class=\"icon_minus-06\"><\/span>\n    <\/span>\n<\/span>\n<\/h4>\n<div class=\"qode-accordion-content \" >\n    <div class=\"qode-accordion-content-inner\">\n        [vc_column_text]<a href=\"https:\/\/beta.dipzo.net\/juriscooptest\/wp-content\/uploads\/2019\/04\/18-00257-Fondo-de-Fomento-al-cr\u00e9dito-productivo.-DEROGA-18-00247.pdf\" class=\"pdfemb-viewer\" style=\"\" data-width=\"max\" data-height=\"max\"  data-toolbar=\"bottom\" data-toolbar-fixed=\"off\">Fondo de Fomento al cr\u00e9dito productivo<br\/><\/a>[\/vc_column_text]    <\/div>\n<\/div><h4 class=\"clearfix qode-title-holder\">\n<span class=\"qode-tab-title\">\n\t    <span class=\"qode-tab-title-inner\">\n        JUEGOS ZONALES    <\/span>\n<\/span>\n<span class=\"qode-accordion-mark\">\n    <span class=\"qode-accordion-mark-icon\">\n        <span class=\"icon_plus\"><\/span>\n        <span class=\"icon_minus-06\"><\/span>\n    <\/span>\n<\/span>\n<\/h4>\n<div class=\"qode-accordion-content \" >\n    <div class=\"qode-accordion-content-inner\">\n        [vc_column_text]<a href=\"https:\/\/beta.dipzo.net\/juriscooptest\/wp-content\/uploads\/2018\/08\/18-00248-JUEGOS-ZONALES-DERO-12-00188.pdf\" class=\"pdfemb-viewer\" style=\"\" data-width=\"max\" data-height=\"max\"  data-toolbar=\"bottom\" data-toolbar-fixed=\"off\">JUEGOS ZONALES<br\/><\/a>[\/vc_column_text]    <\/div>\n<\/div><h4 class=\"clearfix qode-title-holder\">\n<span class=\"qode-tab-title\">\n\t    <span class=\"qode-tab-title-inner\">\n        JUEGOS NACIONALES    <\/span>\n<\/span>\n<span class=\"qode-accordion-mark\">\n    <span class=\"qode-accordion-mark-icon\">\n        <span class=\"icon_plus\"><\/span>\n        <span class=\"icon_minus-06\"><\/span>\n    <\/span>\n<\/span>\n<\/h4>\n<div class=\"qode-accordion-content \" >\n    <div class=\"qode-accordion-content-inner\">\n        [vc_column_text]<a href=\"https:\/\/beta.dipzo.net\/juriscooptest\/wp-content\/uploads\/2018\/08\/18-00249-JUEGOS-NACIONALES-DER-12-00189.pdf\" class=\"pdfemb-viewer\" style=\"\" data-width=\"max\" data-height=\"max\"  data-toolbar=\"bottom\" data-toolbar-fixed=\"off\">JUEGOS NACIONALES<br\/><\/a>[\/vc_column_text]    <\/div>\n<\/div><h4 class=\"clearfix qode-title-holder\">\n<span class=\"qode-tab-title\">\n\t    <span class=\"qode-tab-title-inner\">\n        Comit\u00e9 Evaluaci\u00f3n de Cartera    <\/span>\n<\/span>\n<span class=\"qode-accordion-mark\">\n    <span class=\"qode-accordion-mark-icon\">\n        <span class=\"icon_plus\"><\/span>\n        <span class=\"icon_minus-06\"><\/span>\n    <\/span>\n<\/span>\n<\/h4>\n<div class=\"qode-accordion-content \" >\n    <div class=\"qode-accordion-content-inner\">\n        [vc_column_text]<a href=\"https:\/\/beta.dipzo.net\/juriscooptest\/wp-content\/uploads\/2018\/08\/18-00250-Comit\u00e9-Evaluaci\u00f3n-de-Cartera.pdf\" class=\"pdfemb-viewer\" style=\"\" data-width=\"max\" data-height=\"max\"  data-toolbar=\"bottom\" data-toolbar-fixed=\"off\">Comit\u00e9 Evaluaci\u00f3n de Cartera<br\/><\/a>[\/vc_column_text]    <\/div>\n<\/div><h4 class=\"clearfix qode-title-holder\">\n<span class=\"qode-tab-title\">\n\t    <span class=\"qode-tab-title-inner\">\n        Pol\u00edticas de cr\u00e9dito - 1 de junio 2018    <\/span>\n<\/span>\n<span class=\"qode-accordion-mark\">\n    <span class=\"qode-accordion-mark-icon\">\n        <span class=\"icon_plus\"><\/span>\n        <span class=\"icon_minus-06\"><\/span>\n    <\/span>\n<\/span>\n<\/h4>\n<div class=\"qode-accordion-content \" >\n    <div class=\"qode-accordion-content-inner\">\n        [vc_column_text]<a href=\"https:\/\/beta.dipzo.net\/juriscooptest\/wp-content\/uploads\/2018\/08\/Nuevas-pol\u00edticas-de-Cr\u00e9dito-Mayo-2018.pdf\" class=\"pdfemb-viewer\" style=\"\" data-width=\"max\" data-height=\"max\"  data-toolbar=\"bottom\" data-toolbar-fixed=\"off\">Nuevas pol\u00edticas de Cr\u00e9dito - Mayo 2018<br\/><\/a>[\/vc_column_text]    <\/div>\n<\/div><h4 class=\"clearfix qode-title-holder\">\n<span class=\"qode-tab-title\">\n\t    <span class=\"qode-tab-title-inner\">\n        Convocatoria Auxilios Educativos Convenio Icetex    <\/span>\n<\/span>\n<span class=\"qode-accordion-mark\">\n    <span class=\"qode-accordion-mark-icon\">\n        <span class=\"icon_plus\"><\/span>\n        <span class=\"icon_minus-06\"><\/span>\n    <\/span>\n<\/span>\n<\/h4>\n<div class=\"qode-accordion-content \" >\n    <div class=\"qode-accordion-content-inner\">\n        [vc_column_text]<a href=\"https:\/\/beta.dipzo.net\/juriscooptest\/wp-content\/uploads\/2018\/10\/CJ-ADM-CIR-002-Circular-Convocatoria-Auxilios-Educativos-Convenio-Icetex-V3.pdf\" class=\"pdfemb-viewer\" style=\"\" data-width=\"max\" data-height=\"max\"  data-toolbar=\"bottom\" data-toolbar-fixed=\"off\">Circular Convocatoria Auxilios Educativos Convenio Icetex V3<br\/><\/a>[\/vc_column_text]    <\/div>\n<\/div><h4 class=\"clearfix qode-title-holder\">\n<span class=\"qode-tab-title\">\n\t    <span class=\"qode-tab-title-inner\">\n        Tarifas de Gesti\u00f3n de Cobranza    <\/span>\n<\/span>\n<span class=\"qode-accordion-mark\">\n    <span class=\"qode-accordion-mark-icon\">\n        <span class=\"icon_plus\"><\/span>\n        <span class=\"icon_minus-06\"><\/span>\n    <\/span>\n<\/span>\n<\/h4>\n<div class=\"qode-accordion-content \" >\n    <div class=\"qode-accordion-content-inner\">\n        [vc_column_text]<a href=\"https:\/\/beta.dipzo.net\/juriscooptest\/wp-content\/uploads\/2018\/09\/Tarifas-de-cobro-Gesti\u00f3n-de-Cobranza-2017.pdf\" class=\"pdfemb-viewer\" style=\"\" data-width=\"max\" data-height=\"max\"  data-toolbar=\"bottom\" data-toolbar-fixed=\"off\">Tarifas de cobro Gesti\u00f3n de Cobranza 2017<br\/><\/a><\/p>\n<p>[\/vc_column_text]    <\/div>\n<\/div><h4 class=\"clearfix qode-title-holder\">\n<span class=\"qode-tab-title\">\n\t    <span class=\"qode-tab-title-inner\">\n        SEGUIMIENTO Y RECUPERACI\u00d3N DE CARTERA    <\/span>\n<\/span>\n<span class=\"qode-accordion-mark\">\n    <span class=\"qode-accordion-mark-icon\">\n        <span class=\"icon_plus\"><\/span>\n        <span class=\"icon_minus-06\"><\/span>\n    <\/span>\n<\/span>\n<\/h4>\n<div class=\"qode-accordion-content \" >\n    <div class=\"qode-accordion-content-inner\">\n        [vc_column_text]<a href=\"https:\/\/beta.dipzo.net\/juriscooptest\/wp-content\/uploads\/2019\/12\/19-00267-Recuperaci\u00f3n-de-Cartera-DEROGA-18-00247-1.pdf\" class=\"pdfemb-viewer\" style=\"\" data-width=\"max\" data-height=\"max\"  data-toolbar=\"bottom\" data-toolbar-fixed=\"off\">19-00267 Recuperaci\u00f3n de Cartera DEROGA 18-00247-1<br\/><\/a>[\/vc_column_text]    <\/div>\n<\/div><h4 class=\"clearfix qode-title-holder\">\n<span class=\"qode-tab-title\">\n\t    <span class=\"qode-tab-title-inner\">\n        Actividades Sociales    <\/span>\n<\/span>\n<span class=\"qode-accordion-mark\">\n    <span class=\"qode-accordion-mark-icon\">\n        <span class=\"icon_plus\"><\/span>\n        <span class=\"icon_minus-06\"><\/span>\n    <\/span>\n<\/span>\n<\/h4>\n<div class=\"qode-accordion-content \" >\n    <div class=\"qode-accordion-content-inner\">\n        [vc_column_text]<a href=\"https:\/\/beta.dipzo.net\/juriscooptest\/wp-content\/uploads\/2018\/10\/07-00148-Actividades-de-Servicio-Social.pdf\" class=\"pdfemb-viewer\" style=\"\" data-width=\"max\" data-height=\"max\"  data-toolbar=\"bottom\" data-toolbar-fixed=\"off\">Actividades de Servicio Social<br\/><\/a>[\/vc_column_text]    <\/div>\n<\/div><h4 class=\"clearfix qode-title-holder\">\n<span class=\"qode-tab-title\">\n\t    <span class=\"qode-tab-title-inner\">\n        Aportes Sociales    <\/span>\n<\/span>\n<span class=\"qode-accordion-mark\">\n    <span class=\"qode-accordion-mark-icon\">\n        <span class=\"icon_plus\"><\/span>\n        <span class=\"icon_minus-06\"><\/span>\n    <\/span>\n<\/span>\n<\/h4>\n<div class=\"qode-accordion-content \" >\n    <div class=\"qode-accordion-content-inner\">\n        [vc_column_text]<a href=\"https:\/\/beta.dipzo.net\/juriscooptest\/wp-content\/uploads\/2019\/12\/19-00269-APORTES-SOCIALES-DEROG.-19-00264.pdf\" class=\"pdfemb-viewer\" style=\"\" data-width=\"max\" data-height=\"max\"  data-toolbar=\"bottom\" data-toolbar-fixed=\"off\">19-00269 APORTES SOCIALES DEROG. 19-00264<br\/><\/a>[\/vc_column_text]    <\/div>\n<\/div><\/div>[\/vc_accordion_tab][\/vc_accordion][\/vc_column][\/vc_row]<\/p>\n","protected":false},"excerpt":{"rendered":"<p>[vc_row css_animation=\u00bb\u00bb row_type=\u00bbrow\u00bb use_row_as_full_screen_section=\u00bbno\u00bb type=\u00bbfull_width\u00bb angled_section=\u00bbno\u00bb text_align=\u00bbleft\u00bb background_image_as_pattern=\u00bbwithout_pattern\u00bb][vc_column][vc_single_image image=\u00bb1070&#8243; img_size=\u00bblarge\u00bb alignment=\u00bbcenter\u00bb qode_css_animation=\u00bb\u00bb][vc_accordion style=\u00bbaccordion\u00bb][vc_accordion_tab title=\u00bbQui\u00e9nes somos\u00bb title_tag=\u00bbh5&#8243;][vc_column_text]El 29 de septiembre de 1979, un grupo de profesionales de la rama judicial con alto esp\u00edritu y sentido por el trabajo en equipo, tom\u00f3 la decisi\u00f3n de crear una&#8230;<\/p>\n","protected":false},"author":8,"featured_media":0,"parent":0,"menu_order":0,"comment_status":"closed","ping_status":"closed","template":"","meta":[],"_links":{"self":[{"href":"https:\/\/beta.dipzo.net\/juriscooptest\/wp-json\/wp\/v2\/pages\/815"}],"collection":[{"href":"https:\/\/beta.dipzo.net\/juriscooptest\/wp-json\/wp\/v2\/pages"}],"about":[{"href":"https:\/\/beta.dipzo.net\/juriscooptest\/wp-json\/wp\/v2\/types\/page"}],"author":[{"embeddable":true,"href":"https:\/\/beta.dipzo.net\/juriscooptest\/wp-json\/wp\/v2\/users\/8"}],"replies":[{"embeddable":true,"href":"https:\/\/beta.dipzo.net\/juriscooptest\/wp-json\/wp\/v2\/comments?post=815"}],"version-history":[{"count":126,"href":"https:\/\/beta.dipzo.net\/juriscooptest\/wp-json\/wp\/v2\/pages\/815\/revisions"}],"predecessor-version":[{"id":4346,"href":"https:\/\/beta.dipzo.net\/juriscooptest\/wp-json\/wp\/v2\/pages\/815\/revisions\/4346"}],"wp:attachment":[{"href":"https:\/\/beta.dipzo.net\/juriscooptest\/wp-json\/wp\/v2\/media?parent=815"}],"curies":[{"name":"wp","href":"https:\/\/api.w.org\/{rel}","templated":true}]}}